{"id":2,"date":"2016-07-14T15:39:48","date_gmt":"2016-07-14T14:39:48","guid":{"rendered":"http:\/\/alternative2017.eu\/?page_id=2"},"modified":"2016-10-20T13:25:33","modified_gmt":"2016-10-20T12:25:33","slug":"page-d-exemple","status":"publish","type":"page","link":"https:\/\/alternative2017.eu\/index.php\/page-d-exemple\/","title":{"rendered":"Alternative 2017"},"content":{"rendered":"<p>Au cours de son histoire, l\u2019Universit\u00e9 de Strasbourg a souvent \u00e9t\u00e9 exemplaire. Faisons d\u2019elle un mod\u00e8le de progr\u00e8s, au service de toutes et tous, \u00e9tudiants et personnels, centr\u00e9e sur ses missions fondamentales, au profit de la recherche et du savoir.<\/p>\n<p>Les positions tr\u00e8s g\u00e9n\u00e9rales exprim\u00e9es ici constituent avant tout une invitation \u00e0 rassembler le plus largement possible les personnels de notre universit\u00e9 autour d\u2019un projet commun que nous voulons construire collectivement et de mani\u00e8re participative.<\/p>\n<h2>De la r\u00e9ussite des \u00e9tudiants<\/h2>\n<p>Notre universit\u00e9 a l\u2019ambition d\u2019inventer la soci\u00e9t\u00e9 de demain. A cette fin, elle doit transmettre \u00e0 ses \u00e9tudiants des savoirs de haute qualit\u00e9, former des professionnels responsables et des citoyens \u00e9mancip\u00e9s. Elle doit d\u00e9velopper l\u2019esprit critique et questionner les dogmes, transmettre les valeurs permettant de construire une soci\u00e9t\u00e9 solidaire, durable et bienveillante.<\/p>\n<h2>De notre identit\u00e9 collective<\/h2>\n<p>L\u2019identit\u00e9 de notre universit\u00e9 se b\u00e2tit sur la coop\u00e9ration et ses r\u00e9alisations collectives. Complexe, elle n\u00e9cessite des d\u00e9cisions coll\u00e9giales, transparentes et accessibles, pour garantir la coh\u00e9sion et \u00e9viter les mises en concurrence entre services, composantes, corps et coll\u00e8gues. Notre universit\u00e9 travaille en synergie avec les organismes publics de recherche. Au sein de l\u2019universit\u00e9, leurs personnels participent de plein droit \u00e0 la vie d\u00e9mocratique de l\u2019\u00e9tablissement et de ses composantes.<\/p>\n<h2>De la n\u00e9cessit\u00e9 du temps long pour nos missions<\/h2>\n<p>La r\u00e9alisation de nos missions fondamentales dans un environnement serein n\u00e9cessite des moyens stables et p\u00e9rennes. La recherche effr\u00e9n\u00e9e de financements est source de gaspillage en temps et en moyens humains. Leur octroi doit viser une inclusion large, fond\u00e9e sur un principe de pr\u00e9somption d\u2019excellence.<\/p>\n<h2>De la pr\u00e9sence de l\u2019universit\u00e9 dans le monde<\/h2>\n<p>Europ\u00e9enne et internationale, ouverte sur la cit\u00e9, l\u2019Universit\u00e9 de Strasbourg a une vocation de coop\u00e9ration scientifique et d\u2019accueil des chercheurs et des \u00e9tudiants \u00e9trangers. Elle est un terrain d\u2019exp\u00e9rimentation pour r\u00e9inventer le mod\u00e8le d\u2019une grande universit\u00e9 europ\u00e9enne, reposant sur une longue tradition humaniste et scientifique, largement pluridisciplinaire et transdisciplinaire.<\/p>\n<h2>De la gestion humaine des personnels<\/h2>\n<p>Notre universit\u00e9 est un bien commun. La r\u00e9alisation collective de ses t\u00e2ches n\u00e9cessite une organisation du travail et un management respectueux des individus. Cela suppose des recrutements \u00e0 la hauteur des besoins, des missions stabilis\u00e9es et des possibilit\u00e9s d\u2019\u00e9volution de carri\u00e8re. Ces derni\u00e8res ann\u00e9es, les personnels ont beaucoup souffert. Le bien-\u00eatre au travail est indispensable \u00e0 l\u2019accomplissement de nos missions. Il sera au c\u0153ur de notre projet pour l\u2019Universit\u00e9 de Strasbourg.<\/p>\n<p>Ces positions initient le projet commun qui prendra corps avec l\u2019\u00e9laboration coll\u00e9giale d\u2019une plateforme, la constitution collective de listes pour les \u00e9lections dans les conseils centraux et la mise en place d\u2019une \u00e9quipe devant assurer la nouvelle gouvernance de notre universit\u00e9.<\/p>\n<p>Vous pouvez apporter votre soutien \u00e0 Alternative 2017 en \u00e9crivant \u00e0 l\u2019adresse <a href=\"mailto:contact@alternative2017.eu?subject=Soutien&amp;body=Je soutiens la liste Alternative 2017.%0aPr\u00e9nom : %0aNom : %0aStatut : %0aComposante :%0d%0aLaboratoire :\">contact@alternative2017.eu<\/a>.<\/p>\n","protected":false},"excerpt":{"rendered":"<p>Au cours de son histoire, l\u2019Universit\u00e9 de Strasbourg a souvent \u00e9t\u00e9 exemplaire. Faisons d\u2019elle un mod\u00e8le de progr\u00e8s, au service de toutes et tous, \u00e9tudiants et personnels, centr\u00e9e sur ses missions fondamentales, au profit de la recherche et du savoir. Les positions tr\u00e8s g\u00e9n\u00e9rales exprim\u00e9es ici constituent avant tout une invitation \u00e0 rassembler le plus [&hellip;]<\/p>\n","protected":false},"author":1,"featured_media":0,"parent":0,"menu_order":0,"comment_status":"closed","ping_status":"open","template":"","meta":{"jetpack_post_was_ever_published":false,"footnotes":""},"jetpack_sharing_enabled":true,"jetpack_shortlink":"https:\/\/wp.me\/P85Sjy-2","jetpack_likes_enabled":true,"_links":{"self":[{"href":"https:\/\/alternative2017.eu\/index.php\/wp-json\/wp\/v2\/pages\/2"}],"collection":[{"href":"https:\/\/alternative2017.eu\/index.php\/wp-json\/wp\/v2\/pages"}],"about":[{"href":"https:\/\/alternative2017.eu\/index.php\/wp-json\/wp\/v2\/types\/page"}],"author":[{"embeddable":true,"href":"https:\/\/alternative2017.eu\/index.php\/wp-json\/wp\/v2\/users\/1"}],"replies":[{"embeddable":true,"href":"https:\/\/alternative2017.eu\/index.php\/wp-json\/wp\/v2\/comments?post=2"}],"version-history":[{"count":14,"href":"https:\/\/alternative2017.eu\/index.php\/wp-json\/wp\/v2\/pages\/2\/revisions"}],"predecessor-version":[{"id":266,"href":"https:\/\/alternative2017.eu\/index.php\/wp-json\/wp\/v2\/pages\/2\/revisions\/266"}],"wp:attachment":[{"href":"https:\/\/alternative2017.eu\/index.php\/wp-json\/wp\/v2\/media?parent=2"}],"curies":[{"name":"wp","href":"https:\/\/api.w.org\/{rel}","templated":true}]}}